{"id":153,"date":"2026-03-08T00:07:24","date_gmt":"2026-03-07T23:07:24","guid":{"rendered":"https:\/\/danielavalentinasuarezmero.com\/?page_id=153"},"modified":"2026-03-08T03:54:52","modified_gmt":"2026-03-08T02:54:52","slug":"quienes-somos","status":"publish","type":"page","link":"https:\/\/danielavalentinasuarezmero.com\/?page_id=153","title":{"rendered":"\u00bfQui\u00e9nes somos?"},"content":{"rendered":"\t\t<div data-elementor-type=\"wp-page\" data-elementor-id=\"153\" class=\"elementor elementor-153\">\n\t\t\t\t<div class=\"elementor-element elementor-element-40fbbb5 e-flex e-con-boxed e-con e-parent\" data-id=\"40fbbb5\" data-element_type=\"container\" data-e-type=\"container\">\n\t\t\t\t\t<div class=\"e-con-inner\">\n\t\t\t\t<div class=\"elementor-element elementor-element-e7e91ee elementor-widget-divider--view-line elementor-widget elementor-widget-divider\" data-id=\"e7e91ee\" data-element_type=\"widget\" data-e-type=\"widget\" data-widget_type=\"divider.default\">\n\t\t\t\t\t\t\t<div class=\"elementor-divider\">\n\t\t\t<span class=\"elementor-divider-separator\">\n\t\t\t\t\t\t<\/span>\n\t\t<\/div>\n\t\t\t\t\t\t<\/div>\n\t\t\t\t\t<\/div>\n\t\t\t\t<\/div>\n\t\t<div class=\"elementor-element elementor-element-eeb53cc e-flex e-con-boxed e-con e-parent\" data-id=\"eeb53cc\" data-element_type=\"container\" data-e-type=\"container\">\n\t\t\t\t\t<div class=\"e-con-inner\">\n\t\t\t\t<div class=\"elementor-element elementor-element-f02e456 elementor-widget elementor-widget-text-editor\" data-id=\"f02e456\" data-element_type=\"widget\" data-e-type=\"widget\" data-widget_type=\"text-editor.default\">\n\t\t\t\t\t\t\t\t\t<div style=\"font-family: Arial, sans-serif; line-height: 1.6; color: #333; padding: 20px; max-width: 900px; margin: 0 auto;\"><p><strong>Daniela Valentina Su\u00e1rez Mero<\/strong> es una gestora de proyectos digitales y comunicaci\u00f3n, dedicada al desarrollo y administraci\u00f3n de plataformas informativas y de entretenimiento en el entorno digital.<\/p><p>A trav\u00e9s de esta p\u00e1gina web se centraliza la gesti\u00f3n y administraci\u00f3n de distintos proyectos de comunicaci\u00f3n y contenido digital que operan en diversas plataformas sociales y medios en l\u00ednea. El objetivo es fortalecer la presencia digital, la difusi\u00f3n de informaci\u00f3n y la creaci\u00f3n de contenido que conecte con la audiencia ecuatoriana.<\/p><p>Bajo esta estructura se administran y coordinan diferentes p\u00e1ginas, canales y proyectos digitales que producen contenido informativo, social y de entretenimiento, adaptado a las nuevas formas de comunicaci\u00f3n en internet.<\/p><p>Actualmente, estos proyectos mantienen presencia activa en m\u00faltiples plataformas digitales, permitiendo una conexi\u00f3n directa con la comunidad y facilitando la difusi\u00f3n de contenido en tiempo real. Entre ellas:<\/p><ul style=\"list-style-type: disc; margin-left: 20px;\"><li>Facebook<\/li><li>Instagram<\/li><li>WhatsApp<\/li><li>YouTube<\/li><li>TikTok<\/li><\/ul><p>Este sitio web funciona como plataforma institucional y punto de referencia digital para la administraci\u00f3n y coordinaci\u00f3n de estos proyectos, as\u00ed como para establecer canales de contacto, colaboraci\u00f3n y difusi\u00f3n de contenido.<\/p><p>El prop\u00f3sito principal es seguir impulsando iniciativas digitales que permitan informar, entretener y conectar con las personas a trav\u00e9s de las nuevas tecnolog\u00edas de comunicaci\u00f3n.<\/p><\/div>\t\t\t\t\t\t\t\t<\/div>\n\t\t\t\t\t<\/div>\n\t\t\t\t<\/div>\n\t\t<div class=\"elementor-element elementor-element-59921b9 e-flex e-con-boxed e-con e-parent\" data-id=\"59921b9\" data-element_type=\"container\" data-e-type=\"container\">\n\t\t\t\t\t<div class=\"e-con-inner\">\n\t\t\t\t<div class=\"elementor-element elementor-element-4331519 elementor-widget-divider--view-line elementor-widget elementor-widget-divider\" data-id=\"4331519\" data-element_type=\"widget\" data-e-type=\"widget\" data-widget_type=\"divider.default\">\n\t\t\t\t\t\t\t<div class=\"elementor-divider\">\n\t\t\t<span class=\"elementor-divider-separator\">\n\t\t\t\t\t\t<\/span>\n\t\t<\/div>\n\t\t\t\t\t\t<\/div>\n\t\t\t\t\t<\/div>\n\t\t\t\t<\/div>\n\t\t\t\t<\/div>\n\t\t","protected":false},"excerpt":{"rendered":"<p>Daniela Valentina Su\u00e1rez Mero es una gestora de proyectos digitales y comunicaci\u00f3n, dedicada al desarrollo y administraci\u00f3n de plataformas informativas y de entretenimiento en el entorno digital. A trav\u00e9s de esta p\u00e1gina web se centraliza la gesti\u00f3n y administraci\u00f3n de distintos proyectos de comunicaci\u00f3n y contenido digital que operan en diversas plataformas sociales y medios &hellip; <\/p>\n<p class=\"link-more\"><a href=\"https:\/\/danielavalentinasuarezmero.com\/?page_id=153\" class=\"more-link\">Continue reading<span class=\"screen-reader-text\"> \u00ab\u00bfQui\u00e9nes somos?\u00bb<\/span><\/a><\/p>\n","protected":false},"author":1,"featured_media":0,"parent":0,"menu_order":0,"comment_status":"closed","ping_status":"closed","template":"template-full.php","meta":{"footnotes":""},"class_list":["post-153","page","type-page","status-publish","hentry"],"_links":{"self":[{"href":"https:\/\/danielavalentinasuarezmero.com\/index.php?rest_route=\/wp\/v2\/pages\/153","targetHints":{"allow":["GET"]}}],"collection":[{"href":"https:\/\/danielavalentinasuarezmero.com\/index.php?rest_route=\/wp\/v2\/pages"}],"about":[{"href":"https:\/\/danielavalentinasuarezmero.com\/index.php?rest_route=\/wp\/v2\/types\/page"}],"author":[{"embeddable":true,"href":"https:\/\/danielavalentinasuarezmero.com\/index.php?rest_route=\/wp\/v2\/users\/1"}],"replies":[{"embeddable":true,"href":"https:\/\/danielavalentinasuarezmero.com\/index.php?rest_route=%2Fwp%2Fv2%2Fcomments&post=153"}],"version-history":[{"count":22,"href":"https:\/\/danielavalentinasuarezmero.com\/index.php?rest_route=\/wp\/v2\/pages\/153\/revisions"}],"predecessor-version":[{"id":283,"href":"https:\/\/danielavalentinasuarezmero.com\/index.php?rest_route=\/wp\/v2\/pages\/153\/revisions\/283"}],"wp:attachment":[{"href":"https:\/\/danielavalentinasuarezmero.com\/index.php?rest_route=%2Fwp%2Fv2%2Fmedia&parent=153"}],"curies":[{"name":"wp","href":"https:\/\/api.w.org\/{rel}","templated":true}]}}